{"id":248,"date":"2018-06-18T05:44:04","date_gmt":"2018-06-18T04:44:04","guid":{"rendered":"http:\/\/drwartner.de\/?page_id=248"},"modified":"2019-02-17T16:46:58","modified_gmt":"2019-02-17T15:46:58","slug":"datenschutzerklaerung","status":"publish","type":"page","link":"https:\/\/drwartner.de\/?page_id=248","title":{"rendered":"Datenschutzerkl\u00e4rung"},"content":{"rendered":"<p>Datenschutzerkl\u00e4rung f\u00fcr den Internetauftritt der Arztpraxis Dr. med. Anton Wartner<\/p>\n<p>Datenschutzerkl\u00e4rung<\/p>\n<p>Wir nehmen den Schutz Ihrer pers\u00f6nlichen Daten sehr ernst. Wir behandeln Ihre personenbezogenen Daten<br \/>\nvertraulich und entsprechend der gesetzlichen Datenschutzvorschriften sowie dieser Datenschutzerkl\u00e4rung.<br \/>\nWir m\u00f6chten Sie hiermit \u00fcber die Erhebung, Verarbeitung und Nutzung von personenbezogenen Daten auf<br \/>\ndieser Website informieren.<br \/>\nWir erheben, verarbeiten und nutzen Ihre pers\u00f6nlichen Daten nur, wenn Sie hierzu eingewilligt haben oder hier<br \/>\neine gesetzliche Grundlage besteht.<\/p>\n<p>Name und Kontaktdaten der Verantwortlichen<br \/>\nVerantwortlich f\u00fcr die Erhebung und Speicherung der personenbezogenen Daten ist:<br \/>\nDr. med. Anton Wartner<br \/>\nMariakirchener Str. 2<br \/>\n94424 Arnstorf<br \/>\nTel. 08723\/96160<br \/>\nFax 08723\/961616<br \/>\nEmail: praxis(@)drwartner.de<\/p>\n<p>Erhebung und Speicherung personenbezogener Daten, Zweck der Verwendung und Rechtsgrundlagen<br \/>\nAllgemein \u2013 Besuch der Website<br \/>\nUnsere Website dient der Bereitstellung von Informationen \u00fcber die Arbeit der Allgemeinarztpraxis Dr. A. Wartner.<\/p>\n<p>Beim Besuch unserer Website werden durch den auf Ihrem Endger\u00e4t zum Einsatz kommenden Browser<br \/>\nInformationen an den Server unserer Website gesendet. Diese Informationen werden tempor\u00e4r in den Logfiles<br \/>\ndes Servers gespeichert. Folgende Informationen werden dabei erhoben:<\/p>\n<p>\u2022 IP-Adresse des anfragenden Rechners,<br \/>\n\u2022 Datum und Uhrzeit des Zugriffs,<br \/>\n\u2022 Name und URL der abgerufenen Datei,<br \/>\n\u2022 Zuvor besuchte Webseite (Referrer-URL),<br \/>\n\u2022 verwendeter Browser und ggf. das Betriebssystem Ihres Rechners sowie der Name Ihres Access-Providers.<\/p>\n<p>Die genannten Daten werden erhoben und verarbeitet, damit ein reibungsloser Verbindungsaufbau der Website sichergestellt wird und die Inhalte<br \/>\nkorrekt dargestellt werden. Die Daten werden gel\u00f6scht, wenn sie nicht mehr erforderlich sind.<\/p>\n<p>Die Rechtsgrundlage f\u00fcr die Datenverarbeitung ist Art. 6 Abs. 1 S. 1 lit. f DSGVO. Unser berechtigtes Interesse<br \/>\nfolgt aus oben aufgelisteten Zwecken zur Datenerhebung. In keinem Fall verwenden wir die erhobenen Daten zu<br \/>\ndem Zweck, R\u00fcckschl\u00fcsse auf Ihre Person zu ziehen.<br \/>\nKontaktaufnahme per E-Mail<br \/>\nWir weisen darauf hin, dass die Daten\u00fcbertragung im Internet Sicherheitsl\u00fccken aufweisen kann. Ein l\u00fcckenloser<br \/>\nSchutz der Daten vor dem Zugriff durch Dritte ist nicht m\u00f6glich.<br \/>\nSollten Sie E-Mail-Kontakt mit uns aufnehmen, erfolgt die Verarbeitung Ihrer Daten auf Grund Ihrer freiwillig erteilten Einwilligung gem. Art. 6 Abs. 1 S. 1 lit. a DSGVO.<\/p>\n<p>Die Angabe Ihrer g\u00fcltigen E-Mail-Adresse ist erforderlich, um Ihre Anfragen beantworten zu k\u00f6nnen. Diese Daten<br \/>\nund Ihre Nachricht werden nur zur Bearbeitung und Beantwortung Ihrer Anfrage gespeichert. Die Daten werden<br \/>\ngel\u00f6scht, sobald sie nicht mehr erforderlich sind und keine gesetzliche Aufbewahrungspflicht besteht. Eine<br \/>\nWeitergabe Ihrer Daten an Dritte erfolgt nicht.<br \/>\nIhre Einwilligung k\u00f6nnen Sie jederzeit widerrufen. Durch den Widerruf wird die Rechtm\u00e4\u00dfigkeit, der aufgrund der<br \/>\nEinwilligung bis zum Widerruf erfolgten Verarbeitung der Daten nicht ber\u00fchrt.<\/p>\n<p>Den Widerruf k\u00f6nnen Sie schriftlich<br \/>\noder per E-Mail-richten an:<br \/>\nDr. med. Anton Wartner<br \/>\nMariakirchener Str. 2<br \/>\n94424 Arnstorf<br \/>\nEmail: praxis(@)drwartner.de<\/p>\n<p>Bitte schreiben Sie keine vertraulichen Informationen, in eine E-Mail, sondern nutzen Sie diese nur zu einer<br \/>\nersten Kontaktaufnahme.<br \/>\nWeitergabe von Daten<br \/>\nDie auf unserer Website erhobenen Daten werden ohne Ihre ausdr\u00fcckliche Einwilligung (Art. 6 Abs. 1 S. 1 lit. a<br \/>\nDSGVO) nicht an Dritte weitergegeben.<br \/>\nIhre Rechte<br \/>\nSie haben folgende Rechte:<\/p>\n<p>\u2022 Recht auf Auskunft \u00fcber Ihre von uns verarbeiteten personenbezogenen Daten (Art. 15 DSGVO), dazu geh\u00f6rt<br \/>\nauch: Auskunft \u00fcber Verarbeitungszweck, Kategorie der personenbezogenen Daten, Empf\u00e4nger oder Kategorien<br \/>\nvon Empf\u00e4ngern, geplante Speicherdauer<br \/>\n\u2022 Recht auf unverz\u00fcgliche Berichtigung unrichtiger Daten oder Vervollst\u00e4ndigung unvollst\u00e4ndiger Daten (Art. 16<br \/>\nDSGVO)<br \/>\n\u2022 Recht auf unverz\u00fcgliche L\u00f6schung (Art. 17 DSGVO)<br \/>\n\u2022 Recht auf Einschr\u00e4nkung der Verarbeitung (Art. 18 DSGVO)<br \/>\n\u2022 Recht auf Daten\u00fcbertragbarkeit (Art. 20 DSGVO)<br \/>\n\u2022 Recht auf jederzeitigen Widerruf Ihrer einmal erteilten Einwilligung (Art. 7 Abs. 3 DSGVO)<br \/>\n\u2022 Recht auf Widerspruch gegen die Verarbeitung bei der Datenerhebung auf Grundlage von berechtigten<br \/>\nInteressen nach Art. 6 Abs. 1 S. 1 lit. f DSGVO, soweit daf\u00fcr Gr\u00fcnde vorliegen, die sich aus Ihrer besonderen<br \/>\nSituation ergeben (Art. 21 DSGVO).<br \/>\nUm diese Rechte geltend zu machen, k\u00f6nnen Sie sich jederzeit an den unter Ziffer 1 genannten Verantwortlichen<br \/>\nwenden.<\/p>\n<p>Beschwerderecht bei Aufsichtsbeh\u00f6rde:<br \/>\nSie haben das Recht, sich bei der Aufsichtsbeh\u00f6rde zu beschweren (Art. 77 DSGVO). In der Regel k\u00f6nnen Sie<br \/>\nsich hierf\u00fcr an die Aufsichtsbeh\u00f6rde Ihres \u00fcblichen Aufenthaltsortes oder Arbeitsplatzes oder des mutma\u00dflichen<br \/>\nVersto\u00dfes wenden. Im Bundesland Bayern ist dies:<\/p>\n<p>Dr. Thomas Petri<br \/>\nPostfach 22 12 19<br \/>\n80502 M\u00fcnchen<br \/>\noder:<br \/>\nWagm\u00fcllerstr. 18<br \/>\n80538 M\u00fcnchen<br \/>\nTelefon: 089\/21 26 72-0<br \/>\nTelefax: 089\/21 26 72-50<br \/>\nE-Mail: poststelle@datenschutz-bayern.de<br \/>\nHomepage: http:\/\/www.datenschutz-bayern.de<\/p>\n<p>Aktualit\u00e4t und \u00c4nderung dieser Datenschutzerkl\u00e4rung<br \/>\nDiese Datenschutzerkl\u00e4rung hat den Stand Mai 2018. Wir behalten uns vor, die Datenschutzerkl\u00e4rung zu<br \/>\ngegebener Zeit zu aktualisieren, um den Datenschutz zu verbessern und\/oder an ge\u00e4nderte Beh\u00f6rdenpraxis<br \/>\noder Rechtsprechung anzupassen. Die aktuelle Datenschutzerkl\u00e4rung kann jederzeit auf der Website unter dem<br \/>\nMen\u00fcpunkt \u201aDatenschutz\u2018 abgerufen und ausgedruckt werden.<\/p>\n<p><a href=\"http:\/\/drwartner.de\/wp-content\/uploads\/2018\/05\/Datenschutzerkl\u00e4rung.pdf\">Datenschutzerkl\u00e4rung<\/a><\/p>\n","protected":false},"excerpt":{"rendered":"<p>Datenschutzerkl\u00e4rung f\u00fcr den Internetauftritt der Arztpraxis Dr. med. Anton Wartner Datenschutzerkl\u00e4rung Wir nehmen den Schutz Ihrer pers\u00f6nlichen Daten sehr ernst. Wir behandeln Ihre personenbezogenen Daten vertraulich und entsprechend der gesetzlichen Datenschutzvorschriften sowie dieser Datenschutzerkl\u00e4rung. Wir m\u00f6chten Sie hiermit \u00fcber die Erhebung, Verarbeitung und Nutzung von personenbezogenen Daten auf dieser Website informieren. Wir erheben, verarbeiten und &hellip; <\/p>\n<p class=\"link-more\"><a href=\"https:\/\/drwartner.de\/?page_id=248\" class=\"more-link\"><span class=\"screen-reader-text\">\u201eDatenschutzerkl\u00e4rung\u201c<\/span> weiterlesen<\/a><\/p>\n","protected":false},"author":1,"featured_media":0,"parent":0,"menu_order":0,"comment_status":"closed","ping_status":"closed","template":"","meta":{"footnotes":""},"class_list":["post-248","page","type-page","status-publish","hentry"],"_links":{"self":[{"href":"https:\/\/drwartner.de\/index.php?rest_route=\/wp\/v2\/pages\/248","targetHints":{"allow":["GET"]}}],"collection":[{"href":"https:\/\/drwartner.de\/index.php?rest_route=\/wp\/v2\/pages"}],"about":[{"href":"https:\/\/drwartner.de\/index.php?rest_route=\/wp\/v2\/types\/page"}],"author":[{"embeddable":true,"href":"https:\/\/drwartner.de\/index.php?rest_route=\/wp\/v2\/users\/1"}],"replies":[{"embeddable":true,"href":"https:\/\/drwartner.de\/index.php?rest_route=%2Fwp%2Fv2%2Fcomments&post=248"}],"version-history":[{"count":5,"href":"https:\/\/drwartner.de\/index.php?rest_route=\/wp\/v2\/pages\/248\/revisions"}],"predecessor-version":[{"id":352,"href":"https:\/\/drwartner.de\/index.php?rest_route=\/wp\/v2\/pages\/248\/revisions\/352"}],"wp:attachment":[{"href":"https:\/\/drwartner.de\/index.php?rest_route=%2Fwp%2Fv2%2Fmedia&parent=248"}],"curies":[{"name":"wp","href":"https:\/\/api.w.org\/{rel}","templated":true}]}}